{"id":463,"date":"2021-09-06T14:01:16","date_gmt":"2021-09-06T12:01:16","guid":{"rendered":"http:\/\/www.lager-helfer.de\/?page_id=463"},"modified":"2021-10-31T13:46:54","modified_gmt":"2021-10-31T12:46:54","slug":"standort-arnsberg-neheim","status":"publish","type":"page","link":"https:\/\/www.veto-personal.de\/index.php\/standorte\/standort-arnsberg-neheim\/","title":{"rendered":"Standort Arnsberg-Neheim"},"content":{"rendered":"<p>[vc_row row_type=&#8221;row_xxxl&#8221; content_placement=&#8221;middle&#8221; vc_bg_type=&#8221;vc_bg_color&#8221; vc_bg_colorselect=&#8221;color_13&#8243; css=&#8221;.vc_custom_1630927011183{margin-top: 0px !important;margin-right: 0px !important;margin-bottom: 0px !important;margin-left: 0px !important;padding-top: 0px !important;padding-right: 0px !important;padding-bottom: 0px !important;padding-left: 0px !important;}&#8221; el_id=&#8221;row_for_menu&#8221;][vc_column][vc_column_text dynamic_content=&#8221;&#8221;]\n<!-- UberMenu [Configuration:main] [Theme Loc:] [Integration:api] -->\n<button class=\"ubermenu-responsive-toggle ubermenu-responsive-toggle-main ubermenu-skin-minimal ubermenu-loc- ubermenu-responsive-toggle-content-align-left ubermenu-responsive-toggle-align-full ubermenu-responsive-toggle-close-icon-times \" tabindex=\"0\" data-ubermenu-target=\"ubermenu-main-2\"><i class=\"fas fa-bars\" ><\/i>Menu<\/button><nav id=\"ubermenu-main-2\" class=\"ubermenu ubermenu-nojs ubermenu-main ubermenu-menu-2 ubermenu-responsive ubermenu-responsive-default ubermenu-mobile-accordion ubermenu-responsive-collapse ubermenu-horizontal ubermenu-transition-slide ubermenu-trigger-hover_intent ubermenu-skin-minimal  ubermenu-bar-align-full ubermenu-items-align-center ubermenu-bound ubermenu-sub-indicators ubermenu-retractors-responsive ubermenu-submenu-indicator-closes\"><ul id=\"ubermenu-nav-main-2\" class=\"ubermenu-nav\" data-title=\"Prim\u00e4r\"><li id=\"menu-item-46\" class=\"ubermenu-item ubermenu-item-type-custom ubermenu-item-object-custom ubermenu-item-46 ubermenu-item-level-0 ubermenu-column ubermenu-column-auto\" ><a class=\"ubermenu-target ubermenu-target-with-image ubermenu-target-with-icon ubermenu-item-layout-default ubermenu-item-layout-image_left ubermenu-item-notext\" href=\"http:\/\/www.lager-helfer.de\/\" tabindex=\"0\"><img class=\"ubermenu-image ubermenu-image-size-full\" src=\"https:\/\/www.veto-personal.de\/wp-content\/uploads\/2021\/08\/menuItem_Logo_Zeichenflaeche-1_Zeichenflaeche-1.png\" width=\"93\" height=\"41\" alt=\"Logo der veto-personal GmbH\"  \/><\/a><\/li><li id=\"menu-item-118\" class=\"ubermenu-item ubermenu-item-type-post_type ubermenu-item-object-page ubermenu-item-118 ubermenu-item-level-0 ubermenu-column ubermenu-column-auto\" ><a class=\"ubermenu-target ubermenu-target-with-icon ubermenu-item-layout-default ubermenu-item-layout-icon_left\" href=\"https:\/\/www.veto-personal.de\/index.php\/aktuelle-stellenangebote\/\" tabindex=\"0\"><i class=\"ubermenu-icon fas fa-search\" ><\/i><span class=\"ubermenu-target-title ubermenu-target-text\">Aktuelle Stellenangebote<\/span><\/a><\/li><li id=\"menu-item-154\" class=\"ubermenu-item ubermenu-item-type-post_type ubermenu-item-object-page ubermenu-item-154 ubermenu-item-level-0 ubermenu-column ubermenu-column-auto\" ><a class=\"ubermenu-target ubermenu-target-with-icon ubermenu-item-layout-default ubermenu-item-layout-icon_left\" href=\"https:\/\/www.veto-personal.de\/index.php\/fuer-arbeitnehmer\/\" tabindex=\"0\"><i class=\"ubermenu-icon fas fa-user\" ><\/i><span class=\"ubermenu-target-title ubermenu-target-text\">F\u00fcr Arbeitsuchende<\/span><\/a><\/li><li id=\"menu-item-153\" class=\"ubermenu-item ubermenu-item-type-post_type ubermenu-item-object-page ubermenu-item-153 ubermenu-item-level-0 ubermenu-column ubermenu-column-auto\" ><a class=\"ubermenu-target ubermenu-target-with-icon ubermenu-item-layout-default ubermenu-item-layout-icon_left\" href=\"https:\/\/www.veto-personal.de\/index.php\/fuer-arbeitgeber\/\" tabindex=\"0\"><i class=\"ubermenu-icon far fa-user\" ><\/i><span class=\"ubermenu-target-title ubermenu-target-text\">F\u00fcr Arbeitgeber<\/span><\/a><\/li><li id=\"menu-item-102\" class=\"ubermenu-item ubermenu-item-type-post_type ubermenu-item-object-page ubermenu-item-has-children ubermenu-item-102 ubermenu-item-level-0 ubermenu-column ubermenu-column-auto ubermenu-has-submenu-drop ubermenu-has-submenu-flyout\" ><a class=\"ubermenu-target ubermenu-target-with-icon ubermenu-item-layout-default ubermenu-item-layout-icon_left\" href=\"https:\/\/www.veto-personal.de\/index.php\/standorte\/\" tabindex=\"0\"><i class=\"ubermenu-icon fas fa-map-marker-alt\" ><\/i><span class=\"ubermenu-target-title ubermenu-target-text\">Standorte<\/span><i class='ubermenu-sub-indicator fas fa-angle-down'><\/i><\/a><ul  class=\"ubermenu-submenu ubermenu-submenu-id-102 ubermenu-submenu-type-flyout ubermenu-submenu-drop ubermenu-submenu-align-left_edge_item\"  ><li id=\"menu-item-417\" class=\"ubermenu-item ubermenu-item-type-post_type ubermenu-item-object-page ubermenu-item-417 ubermenu-item-auto ubermenu-item-normal ubermenu-item-level-1\" ><a class=\"ubermenu-target ubermenu-item-layout-default ubermenu-item-layout-text_only\" href=\"https:\/\/www.veto-personal.de\/index.php\/standorte\/standort-soest\/\"><span class=\"ubermenu-target-title ubermenu-target-text\">Standort Soest<\/span><\/a><\/li><li id=\"menu-item-479\" class=\"ubermenu-item ubermenu-item-type-post_type ubermenu-item-object-page ubermenu-item-479 ubermenu-item-auto ubermenu-item-normal ubermenu-item-level-1\" ><a class=\"ubermenu-target ubermenu-item-layout-default ubermenu-item-layout-text_only\" href=\"https:\/\/www.veto-personal.de\/index.php\/standorte\/standort-arnsberg-neheim\/\"><span class=\"ubermenu-target-title ubermenu-target-text\">Standort Arnsberg-Neheim<\/span><\/a><\/li><li id=\"menu-item-478\" class=\"ubermenu-item ubermenu-item-type-post_type ubermenu-item-object-page ubermenu-item-478 ubermenu-item-auto ubermenu-item-normal ubermenu-item-level-1\" ><a class=\"ubermenu-target ubermenu-item-layout-default ubermenu-item-layout-text_only\" href=\"https:\/\/www.veto-personal.de\/index.php\/standorte\/standort-hamm\/\"><span class=\"ubermenu-target-title ubermenu-target-text\">Standort Hamm<\/span><\/a><\/li><li id=\"menu-item-477\" class=\"ubermenu-item ubermenu-item-type-post_type ubermenu-item-object-page ubermenu-item-477 ubermenu-item-auto ubermenu-item-normal ubermenu-item-level-1\" ><a class=\"ubermenu-target ubermenu-item-layout-default ubermenu-item-layout-text_only\" href=\"https:\/\/www.veto-personal.de\/index.php\/standorte\/standort-lippstadt\/\"><span class=\"ubermenu-target-title ubermenu-target-text\">Standort Lippstadt<\/span><\/a><\/li><\/ul><\/li><li id=\"menu-item-117\" class=\"ubermenu-item ubermenu-item-type-post_type ubermenu-item-object-page ubermenu-item-117 ubermenu-item-level-0 ubermenu-column ubermenu-column-auto\" ><a class=\"ubermenu-target ubermenu-target-with-icon ubermenu-item-layout-default ubermenu-item-layout-icon_left\" href=\"https:\/\/www.veto-personal.de\/index.php\/ueber-uns\/\" tabindex=\"0\"><i class=\"ubermenu-icon fas fa-file\" ><\/i><span class=\"ubermenu-target-title ubermenu-target-text\">\u00dcber uns<\/span><\/a><\/li><\/ul><\/nav>\n<!-- End UberMenu -->\n[\/vc_column_text][\/vc_column][\/vc_row][vc_row row_type=&#8221;row_xl&#8221; full_height=&#8221;yes&#8221; vc_bg_seperator_type=&#8221;tilt_left_seperator&#8221; vc_bg_seperator_position=&#8221;top_bottom_asym&#8221; vc_bg_seperator=&#8221;true&#8221; vc_bg_seperator_colorselect=&#8221;color_13&#8243; css=&#8221;.vc_custom_1630929906739{padding-top: 70px !important;padding-bottom: 90px !important;}&#8221;][vc_column]<h4 id='headline_69f193f891ff2' class='vc_headline has-fontsize-h4  ' style=''>Unsere Niederlassung am Standort Arnsberg-Neheim<\/h4>[vc_row_inner][vc_column_inner width=&#8221;1\/2&#8243;][vc_column_text dynamic_content=&#8221;&#8221;]Die\u00a0<b>Produktionsstandorte Neheim<\/b>\u00a0sowie\u00a0<b>Neheim-H\u00fcsten<\/b>\u00a0und\u00a0<b>Arnsberg<\/b>\u00a0stehen gleicherma\u00dfen f\u00fcr die Leuchtenindustrie, die Waffenproduktion, f\u00fcr Sicherheitsgurte, hochwertige Haushaltsprodukte wie auch f\u00fcr die Metall- und Papierbranche.<\/p>\n<p>Weltweit\u00a0<b>f\u00fchrende<\/b>\u00a0und\u00a0<b>erfolgreich operierende Unternehmen<\/b>\u00a0unterschiedlicher Branchen haben Ihre Hauptniederlassung in Neheim oder Neheim-H\u00fcsten.[\/vc_column_text][\/vc_column_inner][vc_column_inner width=&#8221;1\/2&#8243;]<div class='vc_icons  ' >\n                            <img class='vc_icon' id='69f193f892118' src='https:\/\/www.veto-personal.de\/wp-content\/uploads\/2021\/09\/Eingang-Standort-Arnsberg.jpg' alt='Eingang der Niederlassung in Arnsberg-Neheim' title='Eingang Standort Arnsberg' style='display:inline-block; width:auto'  data-srcset='{\"150\":\"https:\\\/\\\/www.veto-personal.de\\\/wp-content\\\/uploads\\\/2021\\\/09\\\/Eingang-Standort-Arnsberg-150x150.jpg\",\"300\":\"https:\\\/\\\/www.veto-personal.de\\\/wp-content\\\/uploads\\\/2021\\\/09\\\/Eingang-Standort-Arnsberg-300x300.jpg\",\"full\":\"https:\\\/\\\/www.veto-personal.de\\\/wp-content\\\/uploads\\\/2021\\\/09\\\/Eingang-Standort-Arnsberg.jpg\"}'>\n                        <\/div>[\/vc_column_inner][\/vc_row_inner][vc_column_text dynamic_content=&#8221;&#8221;]Um diesen\u00a0<strong>Erfolg aufrecht<\/strong>\u00a0zu\u00a0<strong>halten<\/strong>\u00a0bedarf es der\u00a0<strong>Hilfe von motivierten und f\u00e4higen Mitarbeitern<\/strong>.<br \/>\nGenau an dieser Stelle setzt die veto-personal GmbH an. In einer global denkenden Welt konzentrieren wir uns auf\u00a0<strong>Mitarbeiter aus dem lokalen Umfeld<\/strong>\u00a0\u2013 zum einen liegt unser Hauptsitz in der \u201eNachbarschaft\u201c und zum anderen m\u00f6chten wir\u00a0<strong>Menschen aus der Region in Arbeit bringen<\/strong>\u00a0und\u00a0<strong>ortsans\u00e4ssige Unternehmen<\/strong>\u00a0mit qualifizierten Mitarbeitern\u00a0<strong>unterst\u00fctzen<\/strong>.<\/p>\n<p><strong>Gemeinsam f\u00fcr die Region &#8211; stark in der Region<\/strong><\/p>\n<p>[\/vc_column_text]<div class='vc_blank_space '><div class='vc_blank_space_inner_sm' style='height:12.5px'><\/div><div class='vc_blank_space_inner_md' style='height:25px'><\/div><div class='vc_blank_space_inner_lg' style='height:37.5px'><\/div><div class='vc_blank_space_inner_xl' style='height:50px'><\/div><\/div>[vc_row_inner][vc_column_inner width=&#8221;1\/2&#8243; css=&#8221;.vc_custom_1635684366313{padding: 12px !important;}&#8221;][vc_column_text dynamic_content=&#8221;&#8221;]<strong>Vorteile unserer Kunden<\/strong><\/p>\n<ul>\n<li type=\"square\">Unkomplizierte Beschaffung von Personal<\/li>\n<li type=\"square\">Kosten- bzw. Kalkulationssicherheit<\/li>\n<li type=\"square\">Mehr Zeit f\u00fcr Ihr Tagesgesch\u00e4ft<\/li>\n<li type=\"square\">M\u00f6glichkeit Facharbeiter zu \u00fcbernehmen<\/li>\n<\/ul>\n<p>[\/vc_column_text][\/vc_column_inner][vc_column_inner width=&#8221;1\/2&#8243; css=&#8221;.vc_custom_1635684357531{padding: 12px !important;}&#8221;][vc_column_text dynamic_content=&#8221;&#8221;]<strong>Vorteile unserer Mitarbeiter<\/strong><\/p>\n<ul>\n<li type=\"square\">Fairer und ehrlicher Umgang<\/li>\n<li type=\"square\">Zahlung nach Tarif und teilweise \u00fcbertarifliche Zulagen<\/li>\n<li type=\"square\">Zus\u00e4tzliche Berufserfahrung sammeln<\/li>\n<li type=\"square\">Chance auf eine berufliche Zukunft<\/li>\n<\/ul>\n<p>[\/vc_column_text][\/vc_column_inner][\/vc_row_inner][vc_column_text dynamic_content=&#8221;&#8221;]All diese Faktoren erh\u00f6hen die Wettbewerbsf\u00e4higkeit und st\u00e4rken den Standort Neheim, Neheim-H\u00fcsten und Arnsberg f\u00fcr Arbeitgeber und Arbeitnehmer.[\/vc_column_text][\/vc_column][\/vc_row][vc_row row_type=&#8221;row_xl&#8221; vc_bg_type=&#8221;vc_bg_image&#8221; vc_bg_opacity=&#8221;80&#8243; dynamic_vc_bg_image=&#8221;&#8221; vc_bg_image_size=&#8221;cover&#8221; vc_bg_image_repeat=&#8221;no-repeat&#8221; vc_bg_image_position=&#8221;center_center&#8221; vc_bg_seperator_type=&#8221;tilt_left_seperator&#8221; vc_bg_seperator_position=&#8221;top_bottom_asym&#8221; vc_bg_seperator=&#8221;true&#8221; vc_bg_image=&#8221;464&#8243; vc_bg_seperator_colorselect=&#8221;color_13&#8243;][vc_column]<div class='vc_blank_space '><div class='vc_blank_space_inner_sm' style='height:55px'><\/div><div class='vc_blank_space_inner_md' style='height:110px'><\/div><div class='vc_blank_space_inner_lg' style='height:165px'><\/div><div class='vc_blank_space_inner_xl' style='height:220px'><\/div><\/div>[\/vc_column][\/vc_row][vc_row row_type=&#8221;row_xl&#8221; full_height=&#8221;yes&#8221; vc_bg_seperator_type=&#8221;tilt_left_seperator&#8221; vc_bg_seperator_position=&#8221;top_bottom&#8221; vc_bg_seperator=&#8221;true&#8221; vc_bg_seperator_colorselect=&#8221;color_13&#8243; css=&#8221;.vc_custom_1630944752157{padding-top: 70px !important;padding-bottom: 90px !important;}&#8221;][vc_column width=&#8221;1\/2&#8243;][vc_column_text dynamic_content=&#8221;&#8221;]Sie erreichen uns am Standort Arnsberg-Neheim unter folgender Adresse:<\/p>\n<p>veto-personal GmbH<br \/>\n<strong>Niederlassung Arnsberg-Neheim<\/strong><br \/>\nOberstra\u00dfe 6-8<br \/>\n59755 Arnsberg-Neheim<\/p>\n<p>Tel: 02932 \/ 897 330 0<br \/>\nFax: 02932 \/ 897 330 8<\/p>\n<p>&nbsp;<\/p>\n<p>Die \u00d6ffnungszeiten des Standortes Arnsberg-Neheim sind:<\/p>\n<p>Montags &#8211; Freitags\u00a0 8:00 bis 17:00[\/vc_column_text][\/vc_column][vc_column width=&#8221;1\/2&#8243;][vc_raw_html]JTNDaWZyYW1lJTIwd2lkdGglM0QlMjI5MCUyNSUyMiUyMGhlaWdodCUzRCUyMjM1MCUyMiUyMGZyYW1lYm9yZGVyJTNEJTIyMCUyMiUyMHNjcm9sbGluZyUzRCUyMm5vJTIyJTIwbWFyZ2luaGVpZ2h0JTNEJTIyMCUyMiUyMG1hcmdpbndpZHRoJTNEJTIyMCUyMiUyMHNyYyUzRCUyMmh0dHBzJTNBJTJGJTJGd3d3Lm9wZW5zdHJlZXRtYXAub3JnJTJGZXhwb3J0JTJGZW1iZWQuaHRtbCUzRmJib3glM0Q3Ljk2NDk1Mzc4MDE3NDI1NiUyNTJDNTEuNDUwMjE5MzYzMTMxNjclMjUyQzcuOTY3OTQ3MTI1NDM0ODc2JTI1MkM1MS40NTExNzIxMjk1ODIxOSUyNmFtcCUzQmxheWVyJTNEbWFwbmlrJTI2YW1wJTNCbWFya2VyJTNENTEuNDUwNjk1NzQ4ODQyMjklMjUyQzcuOTY2NDUwNDUyODA0NTY1JTIyJTIwc3R5bGUlM0QlMjJib3JkZXIlM0ElMjAxcHglMjBzb2xpZCUyMGJsYWNrJTIyJTNFJTNDJTJGaWZyYW1lJTNFJTNDYnIlMkYlM0UlM0NzbWFsbCUzRSUzQ2ElMjBocmVmJTNEJTIyaHR0cHMlM0ElMkYlMkZ3d3cub3BlbnN0cmVldG1hcC5vcmclMkYlM0ZtbGF0JTNENTEuNDUwNzAlMjZhbXAlM0JtbG9uJTNENy45NjY0NSUyM21hcCUzRDE5JTJGNTEuNDUwNzAlMkY3Ljk2NjQ1JTIyJTNFR3IlQzMlQjYlQzMlOUZlcmUlMjBLYXJ0ZSUyMGFuemVpZ2VuJTNDJTJGYSUzRSUzQyUyRnNtYWxsJTNF[\/vc_raw_html][\/vc_column][\/vc_row]<\/p>\n","protected":false},"excerpt":{"rendered":"<p>[vc_row row_type=&#8221;row_xxxl&#8221; content_placement=&#8221;middle&#8221; vc_bg_type=&#8221;vc_bg_color&#8221; vc_bg_colorselect=&#8221;color_13&#8243; css=&#8221;.vc_custom_1630927011183{margin-top: 0px !important;margin-right: 0px !important;margin-bottom: 0px !important;margin-left: 0px !important;padding-top: 0px !important;padding-right: 0px !important;padding-bottom: 0px !important;padding-left: 0px !important;}&#8221; el_id=&#8221;row_for_menu&#8221;][vc_column][vc_column_text dynamic_content=&#8221;&#8221;][\/vc_column_text][\/vc_column][\/vc_row][vc_row row_type=&#8221;row_xl&#8221; full_height=&#8221;yes&#8221; vc_bg_seperator_type=&#8221;tilt_left_seperator&#8221; vc_bg_seperator_position=&#8221;top_bottom_asym&#8221; vc_bg_seperator=&#8221;true&#8221; vc_bg_seperator_colorselect=&#8221;color_13&#8243; css=&#8221;.vc_custom_1630929906739{padding-top: 70px !important;padding-bottom: 90px !important;}&#8221;][vc_column][vc_row_inner][vc_column_inner width=&#8221;1\/2&#8243;][vc_column_text dynamic_content=&#8221;&#8221;]Die\u00a0Produktionsstandorte Neheim\u00a0sowie\u00a0Neheim-H\u00fcsten\u00a0und\u00a0Arnsberg\u00a0stehen gleicherma\u00dfen f\u00fcr die Leuchtenindustrie, die Waffenproduktion, f\u00fcr Sicherheitsgurte, hochwertige Haushaltsprodukte wie auch f\u00fcr die Metall- und Papierbranche. [&hellip;]<\/p>\n","protected":false},"author":1,"featured_media":0,"parent":80,"menu_order":0,"comment_status":"closed","ping_status":"closed","template":"","meta":[],"_links":{"self":[{"href":"https:\/\/www.veto-personal.de\/index.php\/wp-json\/wp\/v2\/pages\/463"}],"collection":[{"href":"https:\/\/www.veto-personal.de\/index.php\/wp-json\/wp\/v2\/pages"}],"about":[{"href":"https:\/\/www.veto-personal.de\/index.php\/wp-json\/wp\/v2\/types\/page"}],"author":[{"embeddable":true,"href":"https:\/\/www.veto-personal.de\/index.php\/wp-json\/wp\/v2\/users\/1"}],"replies":[{"embeddable":true,"href":"https:\/\/www.veto-personal.de\/index.php\/wp-json\/wp\/v2\/comments?post=463"}],"version-history":[{"count":14,"href":"https:\/\/www.veto-personal.de\/index.php\/wp-json\/wp\/v2\/pages\/463\/revisions"}],"predecessor-version":[{"id":789,"href":"https:\/\/www.veto-personal.de\/index.php\/wp-json\/wp\/v2\/pages\/463\/revisions\/789"}],"up":[{"embeddable":true,"href":"https:\/\/www.veto-personal.de\/index.php\/wp-json\/wp\/v2\/pages\/80"}],"wp:attachment":[{"href":"https:\/\/www.veto-personal.de\/index.php\/wp-json\/wp\/v2\/media?parent=463"}],"curies":[{"name":"wp","href":"https:\/\/api.w.org\/{rel}","templated":true}]}}