{"id":104,"date":"2021-08-19T11:24:27","date_gmt":"2021-08-19T09:24:27","guid":{"rendered":"http:\/\/www.lager-helfer.de\/?page_id=104"},"modified":"2021-09-19T23:24:48","modified_gmt":"2021-09-19T21:24:48","slug":"ueber-uns","status":"publish","type":"page","link":"https:\/\/www.veto-personal.de\/index.php\/ueber-uns\/","title":{"rendered":"\u00dcber uns"},"content":{"rendered":"<p>[vc_section content_placement=&#8221;middle&#8221;][vc_row row_type=&#8221;row_xxxl&#8221; vc_bg_type=&#8221;vc_bg_color&#8221; ignore_inner_gutter=&#8221;true&#8221; vc_bg_colorselect=&#8221;color_13&#8243; css=&#8221;.vc_custom_1630920593987{margin-top: 0px !important;margin-right: 0px !important;margin-bottom: 0px !important;margin-left: 0px !important;padding-top: 0px !important;padding-right: 0px !important;padding-bottom: 0px !important;padding-left: 0px !important;}&#8221; el_id=&#8221;row_for_menu&#8221;][vc_column][vc_column_text dynamic_content=&#8221;&#8221;]\n<!-- UberMenu [Configuration:main] [Theme Loc:] [Integration:api] -->\n<button class=\"ubermenu-responsive-toggle ubermenu-responsive-toggle-main ubermenu-skin-minimal ubermenu-loc- ubermenu-responsive-toggle-content-align-left ubermenu-responsive-toggle-align-full ubermenu-responsive-toggle-close-icon-times \" tabindex=\"0\" data-ubermenu-target=\"ubermenu-main-2\"><i class=\"fas fa-bars\" ><\/i>Menu<\/button><nav id=\"ubermenu-main-2\" class=\"ubermenu ubermenu-nojs ubermenu-main ubermenu-menu-2 ubermenu-responsive ubermenu-responsive-default ubermenu-mobile-accordion ubermenu-responsive-collapse ubermenu-horizontal ubermenu-transition-slide ubermenu-trigger-hover_intent ubermenu-skin-minimal  ubermenu-bar-align-full ubermenu-items-align-center ubermenu-bound ubermenu-sub-indicators ubermenu-retractors-responsive ubermenu-submenu-indicator-closes\"><ul id=\"ubermenu-nav-main-2\" class=\"ubermenu-nav\" data-title=\"Prim\u00e4r\"><li id=\"menu-item-46\" class=\"ubermenu-item ubermenu-item-type-custom ubermenu-item-object-custom ubermenu-item-46 ubermenu-item-level-0 ubermenu-column ubermenu-column-auto\" ><a class=\"ubermenu-target ubermenu-target-with-image ubermenu-target-with-icon ubermenu-item-layout-default ubermenu-item-layout-image_left ubermenu-item-notext\" href=\"http:\/\/www.lager-helfer.de\/\" tabindex=\"0\"><img class=\"ubermenu-image ubermenu-image-size-full\" src=\"https:\/\/www.veto-personal.de\/wp-content\/uploads\/2021\/08\/menuItem_Logo_Zeichenflaeche-1_Zeichenflaeche-1.png\" width=\"93\" height=\"41\" alt=\"Logo der veto-personal GmbH\"  \/><\/a><\/li><li id=\"menu-item-118\" class=\"ubermenu-item ubermenu-item-type-post_type ubermenu-item-object-page ubermenu-item-118 ubermenu-item-level-0 ubermenu-column ubermenu-column-auto\" ><a class=\"ubermenu-target ubermenu-target-with-icon ubermenu-item-layout-default ubermenu-item-layout-icon_left\" href=\"https:\/\/www.veto-personal.de\/index.php\/aktuelle-stellenangebote\/\" tabindex=\"0\"><i class=\"ubermenu-icon fas fa-search\" ><\/i><span class=\"ubermenu-target-title ubermenu-target-text\">Aktuelle Stellenangebote<\/span><\/a><\/li><li id=\"menu-item-154\" class=\"ubermenu-item ubermenu-item-type-post_type ubermenu-item-object-page ubermenu-item-154 ubermenu-item-level-0 ubermenu-column ubermenu-column-auto\" ><a class=\"ubermenu-target ubermenu-target-with-icon ubermenu-item-layout-default ubermenu-item-layout-icon_left\" href=\"https:\/\/www.veto-personal.de\/index.php\/fuer-arbeitnehmer\/\" tabindex=\"0\"><i class=\"ubermenu-icon fas fa-user\" ><\/i><span class=\"ubermenu-target-title ubermenu-target-text\">F\u00fcr Arbeitsuchende<\/span><\/a><\/li><li id=\"menu-item-153\" class=\"ubermenu-item ubermenu-item-type-post_type ubermenu-item-object-page ubermenu-item-153 ubermenu-item-level-0 ubermenu-column ubermenu-column-auto\" ><a class=\"ubermenu-target ubermenu-target-with-icon ubermenu-item-layout-default ubermenu-item-layout-icon_left\" href=\"https:\/\/www.veto-personal.de\/index.php\/fuer-arbeitgeber\/\" tabindex=\"0\"><i class=\"ubermenu-icon far fa-user\" ><\/i><span class=\"ubermenu-target-title ubermenu-target-text\">F\u00fcr Arbeitgeber<\/span><\/a><\/li><li id=\"menu-item-102\" class=\"ubermenu-item ubermenu-item-type-post_type ubermenu-item-object-page ubermenu-item-has-children ubermenu-item-102 ubermenu-item-level-0 ubermenu-column ubermenu-column-auto ubermenu-has-submenu-drop ubermenu-has-submenu-flyout\" ><a class=\"ubermenu-target ubermenu-target-with-icon ubermenu-item-layout-default ubermenu-item-layout-icon_left\" href=\"https:\/\/www.veto-personal.de\/index.php\/standorte\/\" tabindex=\"0\"><i class=\"ubermenu-icon fas fa-map-marker-alt\" ><\/i><span class=\"ubermenu-target-title ubermenu-target-text\">Standorte<\/span><i class='ubermenu-sub-indicator fas fa-angle-down'><\/i><\/a><ul  class=\"ubermenu-submenu ubermenu-submenu-id-102 ubermenu-submenu-type-flyout ubermenu-submenu-drop ubermenu-submenu-align-left_edge_item\"  ><li id=\"menu-item-417\" class=\"ubermenu-item ubermenu-item-type-post_type ubermenu-item-object-page ubermenu-item-417 ubermenu-item-auto ubermenu-item-normal ubermenu-item-level-1\" ><a class=\"ubermenu-target ubermenu-item-layout-default ubermenu-item-layout-text_only\" href=\"https:\/\/www.veto-personal.de\/index.php\/standorte\/standort-soest\/\"><span class=\"ubermenu-target-title ubermenu-target-text\">Standort Soest<\/span><\/a><\/li><li id=\"menu-item-479\" class=\"ubermenu-item ubermenu-item-type-post_type ubermenu-item-object-page ubermenu-item-479 ubermenu-item-auto ubermenu-item-normal ubermenu-item-level-1\" ><a class=\"ubermenu-target ubermenu-item-layout-default ubermenu-item-layout-text_only\" href=\"https:\/\/www.veto-personal.de\/index.php\/standorte\/standort-arnsberg-neheim\/\"><span class=\"ubermenu-target-title ubermenu-target-text\">Standort Arnsberg-Neheim<\/span><\/a><\/li><li id=\"menu-item-478\" class=\"ubermenu-item ubermenu-item-type-post_type ubermenu-item-object-page ubermenu-item-478 ubermenu-item-auto ubermenu-item-normal ubermenu-item-level-1\" ><a class=\"ubermenu-target ubermenu-item-layout-default ubermenu-item-layout-text_only\" href=\"https:\/\/www.veto-personal.de\/index.php\/standorte\/standort-hamm\/\"><span class=\"ubermenu-target-title ubermenu-target-text\">Standort Hamm<\/span><\/a><\/li><li id=\"menu-item-477\" class=\"ubermenu-item ubermenu-item-type-post_type ubermenu-item-object-page ubermenu-item-477 ubermenu-item-auto ubermenu-item-normal ubermenu-item-level-1\" ><a class=\"ubermenu-target ubermenu-item-layout-default ubermenu-item-layout-text_only\" href=\"https:\/\/www.veto-personal.de\/index.php\/standorte\/standort-lippstadt\/\"><span class=\"ubermenu-target-title ubermenu-target-text\">Standort Lippstadt<\/span><\/a><\/li><\/ul><\/li><li id=\"menu-item-117\" class=\"ubermenu-item ubermenu-item-type-post_type ubermenu-item-object-page ubermenu-item-117 ubermenu-item-level-0 ubermenu-column ubermenu-column-auto\" ><a class=\"ubermenu-target ubermenu-target-with-icon ubermenu-item-layout-default ubermenu-item-layout-icon_left\" href=\"https:\/\/www.veto-personal.de\/index.php\/ueber-uns\/\" tabindex=\"0\"><i class=\"ubermenu-icon fas fa-file\" ><\/i><span class=\"ubermenu-target-title ubermenu-target-text\">\u00dcber uns<\/span><\/a><\/li><\/ul><\/nav>\n<!-- End UberMenu -->\n[\/vc_column_text][\/vc_column][\/vc_row][\/vc_section][vc_row row_type=&#8221;row_xl&#8221; vc_bg_seperator_type=&#8221;tilt_left_seperator&#8221; vc_bg_seperator_position=&#8221;top_bottom_asym&#8221; vc_bg_seperator=&#8221;true&#8221; vc_bg_seperator_colorselect=&#8221;color_13&#8243; css=&#8221;.vc_custom_1631621899252{padding-top: 70px !important;padding-bottom: 90px !important;}&#8221;][vc_column]<h1 id='headline_69f706011f8fa' class='vc_headline has-fontsize-h4  ' style=''>\u00dcber uns - Die veto-personal GmbH<\/h1>        <div class=\"orange\">\r\n        \t<div class=\"tc-tabs-style1 row wdo-tabs-container\">\r\n                <ul class=\"nav nav-tabs\">\r\n                                        \t<li>\r\n                    \t\t<a data-toggle=\"tab\" href=\"#tab-unternehmen\">Unternehmen<\/a>\r\n                    \t<\/li>\r\n                                        \t<li>\r\n                    \t\t<a data-toggle=\"tab\" href=\"#tab-unternehmensentwicklung\">Unternehmensentwicklung<\/a>\r\n                    \t<\/li>\r\n                                        \t<li>\r\n                    \t\t<a data-toggle=\"tab\" href=\"#tab-unternehmenskultur\">Unternehmenskultur<\/a>\r\n                    \t<\/li>\r\n                                    <\/ul>\r\n                <div class=\"tab-content\">\r\n                \t     \t\r\n     \t    <div id=\"tab-unternehmen-734\" class=\"tab-pane fade\">\r\n     \t    \t[vc_row_inner][vc_column_inner width=&#8221;1\/2&#8243;][vc_column_text]Die veto-personal GmbH besteht aus einem Team von Generalisten mit Fachkenntnissen aus unterschiedlichen Bereichen bzw. Branchen. Die Gemeinsamkeit aller Mitarbeiter liegt in der\u00a0<b style=\"color: #000000; font-family: Arial; font-size: medium;\">Spezialisierung im Bereich des Personalmanagements<\/b>\u00a0mit einer hohen Fachkompetenz und mehrj\u00e4hriger Berufserfahrung.<br style=\"color: #000000; font-family: Arial; font-size: medium;\" \/><br style=\"color: #000000; font-family: Arial; font-size: medium;\" \/>Umfangreiche Kenntnisse erm\u00f6glichen die Auswahl von geeigneten Mitarbeitern f\u00fcr unsere Kunden und versetzen uns in die Lage die Kundenunternehmen kompetent zu beraten. Hierf\u00fcr stehen uns das\u00a0<b style=\"color: #000000; font-family: Arial; font-size: medium;\">Wissen<\/b>\u00a0und die\u00a0<b style=\"color: #000000; font-family: Arial; font-size: medium;\">Berufserfahrung<\/b>\u00a0u.a.\u00a0<b style=\"color: #000000; font-family: Arial; font-size: medium;\">aus den folgenden Bereichen<\/b>\u00a0zur Verf\u00fcgung:<\/p>\n<p><img title=\"\" src=\"http:\/\/www.lager-helfer.de\/wp-content\/plugins\/elementor\/assets\/images\/placeholder.png\" alt=\"\" \/><br \/>\n<img title=\"\" src=\"http:\/\/www.lager-helfer.de\/wp-content\/plugins\/elementor\/assets\/images\/placeholder.png\" alt=\"\" \/><\/p>\n<ul>\n<li type=\"square\">Technisch gewerblicher Bereich<\/li>\n<li type=\"square\">Kaufm\u00e4nnischer Bereich<\/li>\n<li type=\"square\">Organisation, F\u00fchrung, Leitung<\/li>\n<li type=\"square\">CNC\/ CAD Technik<\/li>\n<li type=\"square\">Immobilienwesen<\/li>\n<li type=\"square\">Ausbildung, Weiterbildung<\/li>\n<li type=\"square\">Qualit\u00e4tsmanagement<\/li>\n<li type=\"square\">Arbeitssicherheit<\/li>\n<\/ul>\n<p>Aufgrund der umfangreichen Fachkenntnisse k\u00f6nnen wir auch die Anforderung anderer Bereiche methodisch analysieren und unseren Kunden geeignetes Personal oder dessen Beratung anbieten.[\/vc_column_text][\/vc_column_inner][vc_column_inner width=&#8221;1\/2&#8243;]<div class='vc_icons  ' >\n                            <img class='vc_icon' id='69f706011fbdb' src='https:\/\/www.veto-personal.de\/wp-content\/uploads\/2021\/09\/veto-personal-cartoon-NEU-scaled.jpg' alt='veto-personal Cartoon mit Weihnachtsmann' title='veto-personal Cartoon mit Weihnachtsmann' style='display:inline-block; width:75%'  data-srcset='{\"150\":\"https:\\\/\\\/www.veto-personal.de\\\/wp-content\\\/uploads\\\/2021\\\/09\\\/veto-personal-cartoon-NEU-150x150.jpg\",\"204\":\"https:\\\/\\\/www.veto-personal.de\\\/wp-content\\\/uploads\\\/2021\\\/09\\\/veto-personal-cartoon-NEU-204x300.jpg\",\"697\":\"https:\\\/\\\/www.veto-personal.de\\\/wp-content\\\/uploads\\\/2021\\\/09\\\/veto-personal-cartoon-NEU-697x1024.jpg\",\"768\":\"https:\\\/\\\/www.veto-personal.de\\\/wp-content\\\/uploads\\\/2021\\\/09\\\/veto-personal-cartoon-NEU-768x1128.jpg\",\"1046\":\"https:\\\/\\\/www.veto-personal.de\\\/wp-content\\\/uploads\\\/2021\\\/09\\\/veto-personal-cartoon-NEU-1046x1536.jpg\",\"1394\":\"https:\\\/\\\/www.veto-personal.de\\\/wp-content\\\/uploads\\\/2021\\\/09\\\/veto-personal-cartoon-NEU-1394x2048.jpg\",\"full\":\"https:\\\/\\\/www.veto-personal.de\\\/wp-content\\\/uploads\\\/2021\\\/09\\\/veto-personal-cartoon-NEU-scaled.jpg\"}'>\n                        <\/div>[vc_column_text dynamic_content=&#8221;&#8221;]<em>Auch bei stets professioneller Arbeitsweise, <\/em><br \/>\n<em>ist uns der Spa\u00df bei der Arbeit wichtig.<\/em>[\/vc_column_text][\/vc_column_inner][\/vc_row_inner]     \t    <\/div>\r\n\r\n             \t\r\n     \t    <div id=\"tab-unternehmensentwicklung-204\" class=\"tab-pane fade\">\r\n     \t    \t[vc_column_text dynamic_content=&#8221;&#8221;]<\/p>\n<div><strong>2014<\/strong> Gr\u00fcndung der veto-personal GmbH mit Standort in Soest<\/div>\n<div><strong>2016<\/strong> Erhalt der unbefristeten Erlaubnis zur Arbeitnehmer\u00fcberlassung<\/div>\n<div><strong>2017<\/strong> Er\u00f6ffnung der Niederlassung Arnsberg-Neheim<\/div>\n<div><strong>2018<\/strong> Er\u00f6ffnung der Niederlassung Hamm<\/div>\n<div><strong>2021<\/strong> Er\u00f6ffnung der Niederlassung Lippstadt<\/div>\n<div><strong>2021<\/strong> Erweiterung der Gesch\u00e4ftsr\u00e4ume in der Hauptniederlassung Soest auf knapp 300 Quadratmeter<\/div>\n<p>[\/vc_column_text]     \t    <\/div>\r\n\r\n             \t\r\n     \t    <div id=\"tab-unternehmenskultur-252\" class=\"tab-pane fade\">\r\n     \t    \t[vc_column_text dynamic_content=&#8221;&#8221;]Die veto-personal GmbH ist ein inhabergef\u00fchrter Personaldienstleister.<br \/>\nDie Gesch\u00e4ftsf\u00fchrer Frau Matthies und Herr Sch\u00e4ckel sind vor der Unternehmensgr\u00fcndung langj\u00e4hrig in f\u00fchrenden Positionen t\u00e4tig gewesen. Die Idee der Selbstst\u00e4ndigkeit basierte darauf, ein Unternehmen zu gr\u00fcnden, dass anstatt auf Kontrolle und nicht erreichbaren Vorgaben, auf Vertrauen und Leistungsorientierung setzt.<\/p>\n<p>Das alles findet in einem kundenorientierten Umfeld statt. Auch die externen Mitarbeiter werden mit Respekt und Fairness behandelt. Die Gesch\u00e4ftsf\u00fchrer haben im Bereich der Verwaltung und Disposition eine Arbeitsumgebung geschaffen, die sie sich im Angestelltenverh\u00e4ltnis selber gew\u00fcnscht h\u00e4tten. Frauen und M\u00e4nner aller Nationalit\u00e4ten haben bei der veto-personal GmbH die gleichen Chancen wie auch diverse Geschlechter.<\/p>\n<p>Das interne Team ist leistungs- und kundenorientiert. Wichtig ist der Gesch\u00e4ftsf\u00fchrung auch, dass alle Niederlassungen im Team miteinander und nicht gegeneinander arbeiten. Der sozialen Verpflichtung des Unternehmens kommen wir nach, indem wir ortsans\u00e4ssige Vereine unterst\u00fctzen.[\/vc_column_text]     \t    <\/div>\r\n\r\n                        <\/div>                \t\t\t\r\n        \t<\/div>\r\n        <\/div>\r\n        [\/vc_column][\/vc_row]<\/p>\n","protected":false},"excerpt":{"rendered":"<p>[vc_section content_placement=&#8221;middle&#8221;][vc_row row_type=&#8221;row_xxxl&#8221; vc_bg_type=&#8221;vc_bg_color&#8221; ignore_inner_gutter=&#8221;true&#8221; vc_bg_colorselect=&#8221;color_13&#8243; css=&#8221;.vc_custom_1630920593987{margin-top: 0px !important;margin-right: 0px !important;margin-bottom: 0px !important;margin-left: 0px !important;padding-top: 0px !important;padding-right: 0px !important;padding-bottom: 0px !important;padding-left: 0px !important;}&#8221; el_id=&#8221;row_for_menu&#8221;][vc_column][vc_column_text dynamic_content=&#8221;&#8221;][\/vc_column_text][\/vc_column][\/vc_row][\/vc_section][vc_row row_type=&#8221;row_xl&#8221; vc_bg_seperator_type=&#8221;tilt_left_seperator&#8221; vc_bg_seperator_position=&#8221;top_bottom_asym&#8221; vc_bg_seperator=&#8221;true&#8221; vc_bg_seperator_colorselect=&#8221;color_13&#8243; css=&#8221;.vc_custom_1631621899252{padding-top: 70px !important;padding-bottom: 90px !important;}&#8221;][vc_column][\/vc_column][\/vc_row]<\/p>\n","protected":false},"author":1,"featured_media":0,"parent":0,"menu_order":0,"comment_status":"closed","ping_status":"closed","template":"","meta":[],"_links":{"self":[{"href":"https:\/\/www.veto-personal.de\/index.php\/wp-json\/wp\/v2\/pages\/104"}],"collection":[{"href":"https:\/\/www.veto-personal.de\/index.php\/wp-json\/wp\/v2\/pages"}],"about":[{"href":"https:\/\/www.veto-personal.de\/index.php\/wp-json\/wp\/v2\/types\/page"}],"author":[{"embeddable":true,"href":"https:\/\/www.veto-personal.de\/index.php\/wp-json\/wp\/v2\/users\/1"}],"replies":[{"embeddable":true,"href":"https:\/\/www.veto-personal.de\/index.php\/wp-json\/wp\/v2\/comments?post=104"}],"version-history":[{"count":19,"href":"https:\/\/www.veto-personal.de\/index.php\/wp-json\/wp\/v2\/pages\/104\/revisions"}],"predecessor-version":[{"id":669,"href":"https:\/\/www.veto-personal.de\/index.php\/wp-json\/wp\/v2\/pages\/104\/revisions\/669"}],"wp:attachment":[{"href":"https:\/\/www.veto-personal.de\/index.php\/wp-json\/wp\/v2\/media?parent=104"}],"curies":[{"name":"wp","href":"https:\/\/api.w.org\/{rel}","templated":true}]}}